{"id":875,"date":"2023-11-29T16:46:06","date_gmt":"2023-11-29T15:46:06","guid":{"rendered":"https:\/\/estudiowebperu.com\/ta\/?page_id=875"},"modified":"2023-11-30T00:57:21","modified_gmt":"2023-11-29T23:57:21","slug":"metodos-de-envio","status":"publish","type":"page","link":"https:\/\/tiendasamor.com\/index.php\/metodos-de-envio\/","title":{"rendered":"M\u00e9todos de env\u00edo"},"content":{"rendered":"\t\t<div data-elementor-type=\"wp-page\" data-elementor-id=\"875\" class=\"elementor elementor-875\" data-elementor-post-type=\"page\">\n\t\t\t\t<div class=\"elementor-element elementor-element-6e5e56f e-flex e-con-boxed e-con e-parent\" data-id=\"6e5e56f\" data-element_type=\"container\" data-e-type=\"container\">\n\t\t\t\t\t<div class=\"e-con-inner\">\n\t\t<div class=\"elementor-element elementor-element-57a7e01 e-con-full elementor-hidden-tablet elementor-hidden-mobile e-flex e-con e-child\" data-id=\"57a7e01\" data-element_type=\"container\" data-e-type=\"container\">\n\t\t\t\t<div class=\"elementor-element elementor-element-ad16052 elementor-widget elementor-widget-image\" data-id=\"ad16052\" data-element_type=\"widget\" data-e-type=\"widget\" data-widget_type=\"image.default\">\n\t\t\t\t<div class=\"elementor-widget-container\">\n\t\t\t\t\t\t\t\t\t\t\t\t\t\t\t<img decoding=\"async\" src=\"https:\/\/estudiowebperu.com\/ta\/wp-content\/uploads\/2023\/11\/iconshop1.png\" title=\"\" alt=\"\" loading=\"lazy\" \/>\t\t\t\t\t\t\t\t\t\t\t\t\t\t\t<\/div>\n\t\t\t\t<\/div>\n\t\t\t\t<div class=\"elementor-element elementor-element-07804bf elementor-widget elementor-widget-html\" data-id=\"07804bf\" data-element_type=\"widget\" data-e-type=\"widget\" data-widget_type=\"html.default\">\n\t\t\t\t<div class=\"elementor-widget-container\">\n\t\t\t\t\t<div class=\"boxlocationGroup\">\r\n<div class=\"boxlocation\">\r\n<p class=\"title\">Plaza Norte<\/p>\r\n<p class=\"ddir\">Jr. Sol de Oro 2173 Tda. 1<\/p>\r\n<p class=\"dref\">Ref. Altura paradero Pilas, Panamericana con Angelica Gamarra, frente al Mercado El Trebol.<\/p>\r\n<p class=\"dtef\">01-5335930 C. 964864773 \/ 969889888<\/p>\r\n<\/div>      \r\n<div class=\"boxlocation\">\r\n<p class=\"title\">Miraflores<\/p>\r\n<p class=\"ddir\">Jr. Cantuarias 140\u00a0Tda. 231, 2do piso.<\/p>\r\n<p class=\"dref\">Ref. Altura del Parque Kennedy, Municipalidad de Miraflores.<\/p>\r\n<p class=\"dtef\">01-2557580 C.: 964864773 \/ 969889888<\/p>\r\n<\/div>\r\n<div class=\"boxlocation\">\r\n<p class=\"title\">Pro - Los Olivos<\/p>\r\n<p class=\"ddir\">Av. Alfredo Mendiola 7923 Tda. 102<\/p>\r\n<p class=\"dref\">Ref. Al costado de Dental Karisma<\/p>\r\n<p class=\"dtef\">01-5400224 C.: 964864773 \/ 969889888<\/p>\r\n<\/div>\r\n<div class=\"boxlocation\">\r\n<p class=\"title\">Puente Piedra<\/p>\r\n<p class=\"ddir\">Av. Pte. Piedra 308 Tda. 301 3er. piso<\/p>\r\n<p class=\"dref\">Ref. Altura paredero Cooperativa (Mercado Cooperativa)<\/p>\r\n<p class=\"dtef\">01-333 8799 C.: 964864773 \/ 969889888<\/p>\r\n<\/div>\r\n<div class=\"boxlocation\">\r\n<p class=\"title\">Los Olivos<\/p>\r\n<p class=\"ddir\">Av Alfredo Mendiola 1929 Tda. 201<\/p>\r\n<p class=\"dref\">Ref. Cruce Panamericana con Tomas Valle<\/p>\r\n<p class=\"dtef\">01-6365154 C.: 964864773 \/ 969889888<\/p>\r\n<\/div>\r\n<div class=\"boxlocation\">\r\n<p class=\"title\">Los Olivos<\/p>\r\n<p class=\"ddir\">Av. Alfredo Mendiola 3849 tda 6 1er piso Gal. Plaza Dolaris<\/p>\r\n<p class=\"dref\">Ref. Frente a Metro<\/p>\r\n<p class=\"dtef\">C.: 964864773 \/ 969889888<\/p>\r\n<\/div>\r\n<div class=\"boxlocation\">\r\n<p class=\"title\">Puente Piedra<\/p>\r\n<p class=\"ddir\">Av puente piedra 241 tda 2 segundo piso<\/p>\r\n<p class=\"dref\">Ref. Al costado de Stanford<\/p>\r\n<p class=\"dtef\">964864773 \/ 969889888<\/p>\r\n<\/div>\r\n<div class=\"boxlocation\">\r\n<p class=\"title\">Lince<\/p>\r\n<p class=\"ddir\">Av. Arenales 2055<\/p>\r\n<p class=\"dref\">Ref. Altura C. C RISO<\/p>\r\n<p class=\"dtef\">01-5335930 C.: 964864773 \/ 969889888<\/p>\r\n<\/div>\r\n<div class=\"boxlocation\">\r\n<p class=\"title\">San Isidro<\/p>\r\n<p class=\"ddir\">Av. Camino Real 497, Tda 123 - 124<\/p>\r\n<p class=\"dref\">Ref. Frente al Centro Comercial Camino Real<\/p>\r\n<p class=\"dtef\">T. 964864773 \/ 969889888<\/p>\r\n<\/div>\r\n<div class=\"boxlocation\">\r\n<p class=\"title\">Pucallpa<\/p>\r\n<p class=\"ddir\">Jr. Tacna 748 Tda. 13 C. Comercial MAY-USHIN PLAZA<\/p>\r\n<p class=\"dref\">Ref. Frente a Olva Courrier<\/p>\r\n<p class=\"dtef\">061-285595 C.: 964864773 \/ 969889888<\/p>\r\n<\/div>\r\n<div class=\"boxlocation\">\r\n<p class=\"title\">Tarapoto<\/p>\r\n<p class=\"ddir\">Jr. Jim\u00e9nez Pimentel 179 Tda. 301 tercer piso<\/p>\r\n<p class=\"dref\">Ref. A med\u00eda cuadra de la Plaza de Armas, al costado de caja Huancayo<\/p>\r\n<p class=\"dtef\">042-634984 C.: 964864773 \/ 969889888<\/p>\r\n<\/div>\r\n<div class=\"boxlocation\">\r\n<p class=\"title\">Ja\u00e9n<\/p>\r\n<p class=\"ddir\">Jr. Aguas Verdes 895 Tda. 210 Sdo. piso T.: 061 285595 Cel 939648817<\/p>\r\n<p class=\"dref\">Ref. Centro Comercial Aguas Verdes<\/p>\r\n<p class=\"dtef\">061-285595 C.: 964864773 \/ 969889888<\/p>\r\n<\/div>\r\n<\/div>\t\t\t\t<\/div>\n\t\t\t\t<\/div>\n\t\t\t\t<\/div>\n\t\t<div class=\"elementor-element elementor-element-b9bec82 e-con-full e-flex e-con e-child\" data-id=\"b9bec82\" data-element_type=\"container\" data-e-type=\"container\">\n\t\t\t\t<div class=\"elementor-element elementor-element-42bad18 elementor-widget elementor-widget-text-editor\" data-id=\"42bad18\" data-element_type=\"widget\" data-e-type=\"widget\" data-widget_type=\"text-editor.default\">\n\t\t\t\t<div class=\"elementor-widget-container\">\n\t\t\t\t\t\t\t\t\t<h1>M\u00e9todos de Env\u00edo y Entrega<\/h1><div><span style=\"color: var( --e-global-color-text ); font-family: var( --e-global-typography-text-font-family ), Sans-serif; font-weight: var( --e-global-typography-text-font-weight ); text-align: var(--text-align); font-size: 1rem;\">Aqu\u00ed trataremos de dar respuesta a las preguntas m\u00e1s frecuentes en cuanto a nuestro m\u00e9todo de env\u00edo y entrega para que conozcas en todo momento c\u00f3mo funcionamos. Pero si despu\u00e9s de leer esto, todav\u00eda te siguen quedando algunas dudas, no dudes en ponerte en contacto con nosotros y te las resolveremos encantados.<\/span><br><\/div>\n<p>Recuerda que todos nuestros env\u00edos son siempre discretos: las cajas no llevan ning\u00fan tipo de serigraf\u00eda y en el remitente aparecer\u00e1 siempre \u00abOperador Log\u00edstico\u00bb. Todo para que s\u00f3lo t\u00fa (y quien t\u00fa quieras) seas el \u00fanico que sepa qu\u00e9 hay dentro de la caja.<\/p>\n\n<h2>\u00bfTienes m\u00e1s dudas? Vamos a intentar resolverlas:<\/h2>\n<h3>Primero de todo, \u00bfa qu\u00e9 ciudades enviamos?<\/h3>\n<p>Nuestros env\u00edos cubren toda Espa\u00f1a y Portugal, por lo que independientemente de d\u00f3nde vivas o te encuentres, nosotros te haremos llegar tu pedido all\u00e1 donde t\u00fa m\u00e1s desees, ya sea en la pen\u00ednsula, islas Canarias, Baleares, Ceuta o Melilla.<\/p>\n<p>Pero si lo que tienes en mente es hacer un env\u00edo m\u00e1s all\u00e1 de la frontera, debes saber que tambi\u00e9n realizamos env\u00edos a determinados pa\u00edses de la Uni\u00f3n Europea. Si este es tu caso, no dudes en ponerte en contacto con nosotros en&nbsp;<a href=\"mailto:info@jugueterosa.com\">info@jugueterosa.com<\/a>&nbsp;donde nos comentes cu\u00e1l es el destino que tienes en mente y qu\u00e9 tipo de producto o productos te gustar\u00eda enviar y te personalizaremos el presupuesto o, si lo prefieres, tambi\u00e9n puedes coment\u00e1rnoslo v\u00eda telef\u00f3nica al 965652946.<\/p>\n<h3>\u00bfA qui\u00e9n puedo dirigir el env\u00edo?<\/h3>\n<p>Tanto si el destinatario\/a de tu pedido es para ti mismo\/a como si es para otra persona no hay ning\u00fan problema. La direcci\u00f3n de env\u00edo no tiene por qu\u00e9 coincidir con la de la facturaci\u00f3n. Incluso si el pedido es para ti pero prefieres recibirlo en una direcci\u00f3n diferente a la de facturaci\u00f3n tampoco hay ning\u00fan inconveniente. Nosotros te enviamos el pedido donde t\u00fa decidas.<\/p>\n<p>Si se trata de un regalo para otra persona y te gustar\u00eda sorprenderle, s\u00f3lo tienes que comentarnos en las notas de env\u00edo que se trata de un regalo y as\u00ed nosotros s\u00f3lo enviaremos la factura al mail que nos dejes disponible. Con tal de que el paquete de env\u00edo no llegue con la factura dentro y pueda seguir siendo as\u00ed una sorpresa.<\/p>\n<h3>Si quiero que sea una sorpresa \u00bfsabr\u00e1 qui\u00e9n se lo ha enviado?<\/h3>\n<p>No, pues tanto si se trata de un pedido destinado para otra persona como si se trata de un pedido para uno\/a mismo\/a nuestros paquetes y env\u00edos son totalmente discretos. La ausencia de cualquier imagen, marca o cualquier serigraf\u00eda en nuestras cajas permite una total discreci\u00f3n por lo que nadie sabr\u00e1 que hay en el paquete excepto t\u00fa mismo\/a. Adem\u00e1s, si la direcci\u00f3n de env\u00edo es diferente a la de facturaci\u00f3n, no adjuntaremos la factura.<\/p>\n<p>&nbsp;<\/p>\n<h3>\u00bfCu\u00e1nto suele tardar el env\u00edo?<\/h3>\n<p>Sabemos lo mucho que te gusta recibir nuestro pedido lo antes posible, a todos nos ocurre, por eso tramitamos env\u00edos todos los d\u00edas laborables de Lunes a Viernes para que nuestros plazos de entrega sean r\u00e1pidos. Como las distancias no son las mismas en todos los casos, \u00e9stos variar\u00e1n un poco en funci\u00f3n de su destino.<\/p>\n<p>Para todos los casos, independientemente de cu\u00e1l sea el lugar donde se tiene que realizar la entrega, si el pedido est\u00e1 hecho antes de las 15h de la tarde, el paquete saldr\u00e1 ese mismo d\u00eda. Es decir, si realizas tu pedido un lunes antes de las 15h tu paquete estar\u00e1 en reparto el marte. En caso de que realices el pedido un viernes (despu\u00e9s de las 15h), s\u00e1bado o domingo, &nbsp;tu paquete saldr\u00e1 el pr\u00f3ximo lunes laborable y se entregar\u00e1 el martes.<\/p>\n<p>Para tenerlo algo m\u00e1s claro, aqu\u00ed te lo explicamos todo paso a paso:<\/p>\n<ul>\n<li>Env\u00edos a Pen\u00ednsula o Islas Baleares:<\/li>\n<\/ul>\n<p>Si el pedido lo haces hoy (d\u00eda laborable) y antes de las 15h de la tarde, tu paquete estar\u00e1 en reparto ma\u00f1ana (d\u00eda laborable), salvo si necesitamos contactar contigo por alg\u00fan error en los datos de env\u00edo. No obstante, nuestro plazo de entrega m\u00e1ximo es de 24-72 horas.<\/p>\n<ul>\n<li>Env\u00edos a Islas Canarias, Ceuta y Melilla:<\/li>\n<\/ul>\n<p>En este caso al tratarse de una distancia algo m\u00e1s larga, el plazo de entrega es de 7 a 10 d\u00edas y el reparto se hace siempre con Correos.<\/p>\n<p>Si aun as\u00ed tienes m\u00e1s dudas o quieres conocer el estado de tu pedido, no dudes en ponerte en contacto con nosotros y te facilitaremos toda la informaci\u00f3n que precises.<\/p>\n<h3><\/h3>\n<h3>\u00bfD\u00f3nde llega mi pedido?<\/h3>\n<p>Nuestras empresas de transporte (MRW, Seur y Nacex) con las que trabajamos cuando se trata de la Pen\u00ednsula o Islas Baleares, son las que se encargan de llevar tu pedido a la direcci\u00f3n que nos indiques. Si prefieres ser t\u00fa quien lo recoja s\u00f3lo tienes que indic\u00e1rnoslo y te lo mandaremos a la Oficina de MRW m\u00e1s cercana.<\/p>\n<p>Tanto en el caso de las Islas Canarias como Ceuta y Melilla, ser\u00e1 correos quien se encarga de dar el servicio de entrega.<\/p>\n<p>&nbsp;<\/p>\n<h3>\u00bfCu\u00e1l es el precio del env\u00edo?<\/h3>\n<p>El precio del env\u00edo, al igual que el tiempo de entrega variar\u00e1 en funci\u00f3n de su destino. De la siguiente manera:<\/p>\n<ul>\n<li>Precio de env\u00edo para dentro de la Pen\u00ednsula (env\u00edo nacional):<\/li>\n<\/ul>\n<p>En caso de que te encuentres en cualquier punto dentro de la pen\u00ednsula o quieras que su env\u00edo sea en cualquier ciudad o pueblo de \u00e9sta, los env\u00edos son gratis a partir de 49\u20ac. Si no supera dicha cantidad, el precio del env\u00edo es de 4,95\u20ac.<\/p>\n<ul>\n<li>Precio de env\u00edo para las Islas Baleares:<\/li>\n<\/ul>\n<p>Si te encuentras en algunas de las islas que conforman esta comunidad los costes de env\u00edo regulares ser\u00e1n de 10,95\u20ac.<\/p>\n<ul>\n<li>Precio de env\u00edo para las Islas Canarias, Ceuta y Melilla:<\/li>\n<\/ul>\n<p>En el caso de que el env\u00edo sea para cualquiera de estas islas o ciudades el precio de env\u00edo es en este caso de 12,95\u20ac.<\/p>\n<ul>\n<li>Precio de env\u00edo para Portugal:<\/li>\n<\/ul>\n<p>El precio de env\u00edo a Portugal es de 11,95s.<\/p>\t\t\t\t\t\t\t\t<\/div>\n\t\t\t\t<\/div>\n\t\t\t\t<\/div>\n\t\t\t\t\t<\/div>\n\t\t\t\t<\/div>\n\t\t\t\t<\/div>\n\t\t","protected":false},"excerpt":{"rendered":"<p>Plaza Norte Jr. Sol de Oro 2173 Tda. 1 Ref. Altura paradero Pilas, Panamericana con Angelica Gamarra, frente al Mercado El Trebol. 01-5335930 C. 964864773 \/ 969889888 Miraflores Jr. Cantuarias 140\u00a0Tda. 231, 2do piso. Ref. Altura del Parque Kennedy, Municipalidad de Miraflores. 01-2557580 C.: 964864773 \/ 969889888 Pro &#8211; Los Olivos Av. Alfredo Mendiola 7923 [&hellip;]<\/p>\n","protected":false},"author":1,"featured_media":0,"parent":0,"menu_order":0,"comment_status":"closed","ping_status":"closed","template":"","meta":{"footnotes":""},"class_list":["post-875","page","type-page","status-publish","hentry"],"_links":{"self":[{"href":"https:\/\/tiendasamor.com\/index.php\/wp-json\/wp\/v2\/pages\/875","targetHints":{"allow":["GET"]}}],"collection":[{"href":"https:\/\/tiendasamor.com\/index.php\/wp-json\/wp\/v2\/pages"}],"about":[{"href":"https:\/\/tiendasamor.com\/index.php\/wp-json\/wp\/v2\/types\/page"}],"author":[{"embeddable":true,"href":"https:\/\/tiendasamor.com\/index.php\/wp-json\/wp\/v2\/users\/1"}],"replies":[{"embeddable":true,"href":"https:\/\/tiendasamor.com\/index.php\/wp-json\/wp\/v2\/comments?post=875"}],"version-history":[{"count":16,"href":"https:\/\/tiendasamor.com\/index.php\/wp-json\/wp\/v2\/pages\/875\/revisions"}],"predecessor-version":[{"id":1127,"href":"https:\/\/tiendasamor.com\/index.php\/wp-json\/wp\/v2\/pages\/875\/revisions\/1127"}],"wp:attachment":[{"href":"https:\/\/tiendasamor.com\/index.php\/wp-json\/wp\/v2\/media?parent=875"}],"curies":[{"name":"wp","href":"https:\/\/api.w.org\/{rel}","templated":true}]}}